{"id":5109,"date":"2020-03-21T14:07:59","date_gmt":"2020-03-21T13:07:59","guid":{"rendered":"https:\/\/chateau-miglos.fr\/wordpress-test\/?page_id=5109"},"modified":"2021-07-21T01:44:15","modified_gmt":"2021-07-20T23:44:15","slug":"ariejo-o-moun-pais-3","status":"publish","type":"page","link":"https:\/\/chateau-miglos.fr\/wordpress-test\/explorer\/chemin-dinterpretation\/ariejo-o-moun-pais-3\/","title":{"rendered":"Ari\u00e8jo \u00f4 moun pa\u00efs"},"content":{"rendered":"\n<figure class=\"wp-block-embed is-type-video is-provider-youtube wp-block-embed-youtube wp-embed-aspect-16-9 wp-has-aspect-ratio\"><div class=\"wp-block-embed__wrapper\">\n<iframe loading=\"lazy\" title=\"Ari\u00e8jo \u00f4 moun pa\u00efs - Sabas Maury, cur\u00e9 de Miglos - Ari\u00e8ge\" width=\"800\" height=\"450\" src=\"https:\/\/www.youtube.com\/embed\/D0AUzNePA-M?feature=oembed\" frameborder=\"0\" allow=\"accelerometer; autoplay; clipboard-write; encrypted-media; gyroscope; picture-in-picture\" allowfullscreen><\/iframe>\n<\/div><\/figure>\n\n\n\n<p class=\"has-text-align-center\"> <\/p>\n\n\n\n<p class=\"has-text-align-center\">Grabamos <strong><em>&#8220;Ari\u00e8jo \u00f4 moun pa\u00efs&#8221;<\/em><\/strong>, cantado por <strong>el Conjunto Vocal &#8220;Unisson&#8221;<\/strong><br>Directora del coro Jeanine Prosper<br><a href=\"http:\/\/chateau-miglos.fr\/wordpress-test\/2016\/04\/11\/ariejo-o-moun-pais\/\">Iglesia Arquizat-Miglos &#8211; S\u00e1bado 9 de abril de 2016<\/a><\/p>\n\n\n\n<hr class=\"wp-block-separator is-style-wide\"\/>\n\n\n\n<p class=\"has-text-align-center has-medium-font-size\">El <strong>padre Sabas Maury<\/strong> fue p\u00e1rroco de Miglos de 1890 a 1906.<br>Compuso <em><strong>&#8220;Ari\u00e8jo \u00f4 moun pa\u00efs&#8221;<\/strong><\/em>, que desde entonces se ha convertido en <strong>el himno a Ari\u00e8ge<\/strong>:<\/p>\n\n\n\n<div class=\"wp-block-image\"><figure class=\"aligncenter is-resized\"><a href=\"http:\/\/chateau-miglos.fr\/wordpress-test\/wp-content\/uploads\/2019\/06\/sabas-entier.jpg\" data-rel=\"lightbox-gallery-2VBg1WLq\" data-rl_title=\"Abb\u00e9 Sabas Maury &#8211; probable 1901 &#8211; Cr\u00e9dit photo Alain Canal\" data-rl_caption=\"\" title=\"Abb\u00e9 Sabas Maury &#8211; probable 1901 &#8211; Cr\u00e9dit photo Alain Canal\"><img loading=\"lazy\" decoding=\"async\" src=\"http:\/\/chateau-miglos.fr\/wordpress-test\/wp-content\/uploads\/2019\/06\/sabas-entier.jpg\" alt=\"Abb\u00e9 Sabas Maury - probable 1901 - Cr\u00e9dit photo Alain Canal\" class=\"wp-image-2211\" width=\"300\" height=\"384\"\/><\/a><\/figure><\/div>\n\n\n\n<p><strong>Sabas Jean-Marie Aubin Maury<\/strong><br> Nacido el 1 de marzo de 1863 en Gesti\u00e9s.<br> Fue nombrado p\u00e1rroco de Miglos el 19 de enero de 1890.<br> All\u00ed permaneci\u00f3 hasta 1906.<br> Fue nombrado el 24 de agosto de 1906 decano de Varilhes.<br> Muri\u00f3 el 26 de noviembre de 1923 a la edad de 61 a\u00f1os despu\u00e9s de 37 a\u00f1os de sacerdocio.<br> Fue enterrado en Varilhes.<\/p>\n\n\n\n<div class=\"wp-block-image\"><figure class=\"aligncenter size-large is-resized\"><a href=\"https:\/\/chateau-miglos.fr\/wordpress-test\/wp-content\/uploads\/2020\/03\/page123.png\" data-rel=\"lightbox-gallery-2VBg1WLq\" data-rl_title=\"Partition Ari\u00e8jo \u00f4 moun Pa\u00efs\" data-rl_caption=\"\" title=\"Partition Ari\u00e8jo \u00f4 moun Pa\u00efs\"><img loading=\"lazy\" decoding=\"async\" src=\"https:\/\/chateau-miglos.fr\/wordpress-test\/wp-content\/uploads\/2020\/03\/page123-1024x813.png\" alt=\"\" class=\"wp-image-5076\" width=\"768\" height=\"610\"\/><\/a><\/figure><\/div>\n\n\n\n<p><strong>Paraulos \u00e8 musico d\u00e9 Sabas Maury<\/strong><br> &#8220;M. Sabas Maury a coumposat uno autro poulido cansou, en franc\u00e8s : Ari\u00e8ge; Solos; refren \u00e0 tres partidos \u00e8 acoumpagnoment de piano.<br> Se canto pertout; dins nostr\u00e9 pa\u00efs \u00e8 dins toutos las Souci\u00e9tats Ari\u00e9geoisos del moun. <br> Se ben : un franc (bint sous) ch\u00e9 M. Gadrat, carri\u00e9ro de la Labistour, \u00e0 Foix, o ch\u00e9 M. Sabas Maury, \u00e0 Miglos (Ari\u00e8jo).&#8221;<\/p>\n\n\n\n<div class=\"wp-block-file aligncenter\"><a href=\"https:\/\/chateau-miglos.fr\/wordpress-test\/wp-content\/uploads\/2020\/03\/ariejo1.pdf\" target=\"_blank\" rel=\"noreferrer noopener\">Partitura musical &#8220;Ari\u00e8jo \u00f4 moun pa\u00efs&#8221; &#8211; Sabas Maury<\/a><a href=\"https:\/\/chateau-miglos.fr\/wordpress-test\/wp-content\/uploads\/2020\/03\/ariejo1.pdf\" class=\"wp-block-file__button\" download>T\u00e9l\u00e9charger<\/a><\/div>\n\n\n\n<figure class=\"wp-block-gallery columns-2 is-cropped wp-block-gallery-1 is-layout-flex wp-block-gallery-is-layout-flex\"><ul class=\"blocks-gallery-grid\"><li class=\"blocks-gallery-item\"><figure><a href=\"https:\/\/chateau-miglos.fr\/wordpress-test\/wp-content\/uploads\/2020\/03\/sabasmaury1-1.jpg\" data-rel=\"lightbox-gallery-2VBg1WLq\" data-rl_title=\"Sabas Maury &#8211; Cr\u00e9dit photo Alain Canal\" data-rl_caption=\"\" title=\"Sabas Maury &#8211; Cr\u00e9dit photo Alain Canal\"><img loading=\"lazy\" decoding=\"async\" width=\"683\" height=\"1024\" src=\"https:\/\/chateau-miglos.fr\/wordpress-test\/wp-content\/uploads\/2020\/03\/sabasmaury1-1-683x1024.jpg\" alt=\"\" data-id=\"5081\" data-full-url=\"https:\/\/chateau-miglos.fr\/wordpress-test\/wp-content\/uploads\/2020\/03\/sabasmaury1-1.jpg\" data-link=\"https:\/\/chateau-miglos.fr\/wordpress-test\/explorer\/chemin-dinterpretation\/ariejo-o-moun-pais\/sabasmaury1-1\/\" class=\"wp-image-5081\"\/><\/a><\/figure><\/li><li class=\"blocks-gallery-item\"><figure><a href=\"https:\/\/chateau-miglos.fr\/wordpress-test\/wp-content\/uploads\/2020\/03\/sabas-maury.png\" data-rel=\"lightbox-gallery-2VBg1WLq\" data-rl_title=\"Sabas Maury &#8211; Cr\u00e9dit photo Alain Canal\" data-rl_caption=\"\" title=\"Sabas Maury &#8211; Cr\u00e9dit photo Alain Canal\"><img loading=\"lazy\" decoding=\"async\" width=\"611\" height=\"1024\" src=\"https:\/\/chateau-miglos.fr\/wordpress-test\/wp-content\/uploads\/2020\/03\/sabas-maury-611x1024.png\" alt=\"\" data-id=\"5079\" data-full-url=\"https:\/\/chateau-miglos.fr\/wordpress-test\/wp-content\/uploads\/2020\/03\/sabas-maury.png\" data-link=\"https:\/\/chateau-miglos.fr\/wordpress-test\/explorer\/chemin-dinterpretation\/ariejo-o-moun-pais\/sabas-maury-2\/\" class=\"wp-image-5079\"\/><\/a><\/figure><\/li><\/ul><\/figure>\n\n\n\n<p><strong>Creador : <\/strong><\/p>\n\n\n\n<ul><li>de Ari\u00e8jo \u00f4 moun Pa\u00efs, el conocido himno de Ari\u00e8ge dedicado a la Amicale des Ari\u00e8geois de Par\u00eds,<\/li><li>de una canci\u00f3n de Ari\u00e8ge, una canci\u00f3n patri\u00f3tica dedicada a la Amicale des Ari\u00e9geois de Burdeos,<\/li><li>de una canci\u00f3n cantada el d\u00eda de la coronaci\u00f3n de Notre Dame de Sabart Tarascon sur Ari\u00e8ge, 7 de junio de 1954,<\/li><li>y muchas otras canciones \u2026<\/li><\/ul>\n\n\n\n<div class=\"wp-block-image\"><figure class=\"aligncenter size-large is-resized\"><img loading=\"lazy\" decoding=\"async\" src=\"https:\/\/chateau-miglos.fr\/wordpress-test\/wp-content\/uploads\/2020\/03\/ariege-trans-794x1024.png\" alt=\"\" class=\"wp-image-5090\" width=\"397\" height=\"512\"\/><\/figure><\/div>\n\n\n\n<div class=\"wp-block-file aligncenter\"><a href=\"https:\/\/chateau-miglos.fr\/wordpress-test\/wp-content\/uploads\/2020\/03\/ariege1.pdf\" target=\"_blank\" rel=\"noreferrer noopener\">Partitura musical &#8220;Ari\u00e8ge&#8221; &#8211; Sabas Maury<\/a><a href=\"https:\/\/chateau-miglos.fr\/wordpress-test\/wp-content\/uploads\/2020\/03\/ariege1.pdf\" class=\"wp-block-file__button\" download>T\u00e9l\u00e9charger<\/a><\/div>\n\n\n\n<hr class=\"wp-block-separator\"\/>\n","protected":false},"excerpt":{"rendered":"<p>Grabamos &#8220;Ari\u00e8jo \u00f4 moun pa\u00efs&#8221;, cantado por el Conjunto Vocal &#8220;Unisson&#8221;Directora del coro Jeanine ProsperIglesia Arquizat-Miglos &#8211; S\u00e1bado 9 de abril de 2016 El padre Sabas Maury fue p\u00e1rroco de &#8230;<\/p>\n","protected":false},"author":2,"featured_media":0,"parent":835,"menu_order":0,"comment_status":"closed","ping_status":"closed","template":"template-fullwidth.php","meta":{"ngg_post_thumbnail":0,"footnotes":""},"yoast_head":"<!-- This site is optimized with the Yoast SEO plugin v23.0 - https:\/\/yoast.com\/wordpress\/plugins\/seo\/ -->\n<title>Ari\u00e8jo \u00f4 moun pa\u00efs - Ch\u00e2teau de Miglos<\/title>\n<meta name=\"robots\" content=\"index, follow, max-snippet:-1, max-image-preview:large, max-video-preview:-1\" \/>\n<link rel=\"canonical\" href=\"https:\/\/chateau-miglos.fr\/wordpress-test\/explorer\/chemin-dinterpretation\/ariejo-o-moun-pais-3\/\" \/>\n<meta property=\"og:locale\" content=\"fr_FR\" \/>\n<meta property=\"og:type\" content=\"article\" \/>\n<meta property=\"og:title\" content=\"Ari\u00e8jo \u00f4 moun pa\u00efs - Ch\u00e2teau de Miglos\" \/>\n<meta property=\"og:description\" content=\"Grabamos &#8220;Ari\u00e8jo \u00f4 moun pa\u00efs&#8221;, cantado por el Conjunto Vocal &#8220;Unisson&#8221;Directora del coro Jeanine ProsperIglesia Arquizat-Miglos &#8211; S\u00e1bado 9 de abril de 2016 El padre Sabas Maury fue p\u00e1rroco de ...\" \/>\n<meta property=\"og:url\" content=\"https:\/\/chateau-miglos.fr\/wordpress-test\/explorer\/chemin-dinterpretation\/ariejo-o-moun-pais-3\/\" \/>\n<meta property=\"og:site_name\" content=\"Ch\u00e2teau de Miglos\" \/>\n<meta property=\"article:publisher\" content=\"https:\/\/www.facebook.com\/chateaudemiglos\/\" \/>\n<meta property=\"article:modified_time\" content=\"2021-07-20T23:44:15+00:00\" \/>\n<meta property=\"og:image\" content=\"http:\/\/chateau-miglos.fr\/wordpress-test\/wp-content\/uploads\/2019\/06\/sabas-entier.jpg\" \/>\n<meta name=\"twitter:card\" content=\"summary_large_image\" \/>\n<meta name=\"twitter:label1\" content=\"Dur\u00e9e de lecture estim\u00e9e\" \/>\n\t<meta name=\"twitter:data1\" content=\"3 minutes\" \/>\n<script type=\"application\/ld+json\" class=\"yoast-schema-graph\">{\"@context\":\"https:\/\/schema.org\",\"@graph\":[{\"@type\":\"WebPage\",\"@id\":\"https:\/\/chateau-miglos.fr\/wordpress-test\/explorer\/chemin-dinterpretation\/ariejo-o-moun-pais-3\/\",\"url\":\"https:\/\/chateau-miglos.fr\/wordpress-test\/explorer\/chemin-dinterpretation\/ariejo-o-moun-pais-3\/\",\"name\":\"Ari\u00e8jo \u00f4 moun pa\u00efs - Ch\u00e2teau de Miglos\",\"isPartOf\":{\"@id\":\"https:\/\/chateau-miglos.fr\/wordpress-test\/#website\"},\"primaryImageOfPage\":{\"@id\":\"https:\/\/chateau-miglos.fr\/wordpress-test\/explorer\/chemin-dinterpretation\/ariejo-o-moun-pais-3\/#primaryimage\"},\"image\":{\"@id\":\"https:\/\/chateau-miglos.fr\/wordpress-test\/explorer\/chemin-dinterpretation\/ariejo-o-moun-pais-3\/#primaryimage\"},\"thumbnailUrl\":\"http:\/\/chateau-miglos.fr\/wordpress-test\/wp-content\/uploads\/2019\/06\/sabas-entier.jpg\",\"datePublished\":\"2020-03-21T13:07:59+00:00\",\"dateModified\":\"2021-07-20T23:44:15+00:00\",\"breadcrumb\":{\"@id\":\"https:\/\/chateau-miglos.fr\/wordpress-test\/explorer\/chemin-dinterpretation\/ariejo-o-moun-pais-3\/#breadcrumb\"},\"inLanguage\":\"fr-FR\",\"potentialAction\":[{\"@type\":\"ReadAction\",\"target\":[\"https:\/\/chateau-miglos.fr\/wordpress-test\/explorer\/chemin-dinterpretation\/ariejo-o-moun-pais-3\/\"]}]},{\"@type\":\"ImageObject\",\"inLanguage\":\"fr-FR\",\"@id\":\"https:\/\/chateau-miglos.fr\/wordpress-test\/explorer\/chemin-dinterpretation\/ariejo-o-moun-pais-3\/#primaryimage\",\"url\":\"https:\/\/chateau-miglos.fr\/wordpress-test\/wp-content\/uploads\/2019\/06\/sabas-entier.jpg\",\"contentUrl\":\"https:\/\/chateau-miglos.fr\/wordpress-test\/wp-content\/uploads\/2019\/06\/sabas-entier.jpg\",\"width\":600,\"height\":768,\"caption\":\"Abb\u00e9 Sabas Maury - probable 1901 - Cr\u00e9dit photo Alain Canal\"},{\"@type\":\"BreadcrumbList\",\"@id\":\"https:\/\/chateau-miglos.fr\/wordpress-test\/explorer\/chemin-dinterpretation\/ariejo-o-moun-pais-3\/#breadcrumb\",\"itemListElement\":[{\"@type\":\"ListItem\",\"position\":1,\"name\":\"Accueil\",\"item\":\"https:\/\/chateau-miglos.fr\/wordpress-test\/\"},{\"@type\":\"ListItem\",\"position\":2,\"name\":\"Explorer\",\"item\":\"https:\/\/chateau-miglos.fr\/wordpress-test\/explorer\/\"},{\"@type\":\"ListItem\",\"position\":3,\"name\":\"Chemin d&#8217;interpr\u00e9tation\",\"item\":\"https:\/\/chateau-miglos.fr\/wordpress-test\/explorer\/chemin-dinterpretation\/\"},{\"@type\":\"ListItem\",\"position\":4,\"name\":\"Ari\u00e8jo \u00f4 moun pa\u00efs\"}]},{\"@type\":\"WebSite\",\"@id\":\"https:\/\/chateau-miglos.fr\/wordpress-test\/#website\",\"url\":\"https:\/\/chateau-miglos.fr\/wordpress-test\/\",\"name\":\"Ch\u00e2teau de Miglos\",\"description\":\"une ch\u00e2teau, une vall\u00e9e\",\"publisher\":{\"@id\":\"https:\/\/chateau-miglos.fr\/wordpress-test\/#organization\"},\"potentialAction\":[{\"@type\":\"SearchAction\",\"target\":{\"@type\":\"EntryPoint\",\"urlTemplate\":\"https:\/\/chateau-miglos.fr\/wordpress-test\/?s={search_term_string}\"},\"query-input\":\"required name=search_term_string\"}],\"inLanguage\":\"fr-FR\"},{\"@type\":\"Organization\",\"@id\":\"https:\/\/chateau-miglos.fr\/wordpress-test\/#organization\",\"name\":\"Ch\u00e2teau de Miglos\",\"url\":\"https:\/\/chateau-miglos.fr\/wordpress-test\/\",\"logo\":{\"@type\":\"ImageObject\",\"inLanguage\":\"fr-FR\",\"@id\":\"https:\/\/chateau-miglos.fr\/wordpress-test\/#\/schema\/logo\/image\/\",\"url\":\"https:\/\/chateau-miglos.fr\/wordpress-test\/wp-content\/uploads\/2019\/06\/seul.png\",\"contentUrl\":\"https:\/\/chateau-miglos.fr\/wordpress-test\/wp-content\/uploads\/2019\/06\/seul.png\",\"width\":801,\"height\":705,\"caption\":\"Ch\u00e2teau de Miglos\"},\"image\":{\"@id\":\"https:\/\/chateau-miglos.fr\/wordpress-test\/#\/schema\/logo\/image\/\"},\"sameAs\":[\"https:\/\/www.facebook.com\/chateaudemiglos\/\",\"https:\/\/www.instagram.com\/chateaudemiglos\/\",\"https:\/\/www.youtube.com\/channel\/UC70FrOmo9xvq8eHCA4YTs9A\",\"https:\/\/fr.wikipedia.org\/wiki\/Ch\u00e2teau_de_Miglos\"]}]}<\/script>\n<!-- \/ Yoast SEO plugin. -->","yoast_head_json":{"title":"Ari\u00e8jo \u00f4 moun pa\u00efs - Ch\u00e2teau de Miglos","robots":{"index":"index","follow":"follow","max-snippet":"max-snippet:-1","max-image-preview":"max-image-preview:large","max-video-preview":"max-video-preview:-1"},"canonical":"https:\/\/chateau-miglos.fr\/wordpress-test\/explorer\/chemin-dinterpretation\/ariejo-o-moun-pais-3\/","og_locale":"fr_FR","og_type":"article","og_title":"Ari\u00e8jo \u00f4 moun pa\u00efs - Ch\u00e2teau de Miglos","og_description":"Grabamos &#8220;Ari\u00e8jo \u00f4 moun pa\u00efs&#8221;, cantado por el Conjunto Vocal &#8220;Unisson&#8221;Directora del coro Jeanine ProsperIglesia Arquizat-Miglos &#8211; S\u00e1bado 9 de abril de 2016 El padre Sabas Maury fue p\u00e1rroco de ...","og_url":"https:\/\/chateau-miglos.fr\/wordpress-test\/explorer\/chemin-dinterpretation\/ariejo-o-moun-pais-3\/","og_site_name":"Ch\u00e2teau de Miglos","article_publisher":"https:\/\/www.facebook.com\/chateaudemiglos\/","article_modified_time":"2021-07-20T23:44:15+00:00","og_image":[{"url":"http:\/\/chateau-miglos.fr\/wordpress-test\/wp-content\/uploads\/2019\/06\/sabas-entier.jpg"}],"twitter_card":"summary_large_image","twitter_misc":{"Dur\u00e9e de lecture estim\u00e9e":"3 minutes"},"schema":{"@context":"https:\/\/schema.org","@graph":[{"@type":"WebPage","@id":"https:\/\/chateau-miglos.fr\/wordpress-test\/explorer\/chemin-dinterpretation\/ariejo-o-moun-pais-3\/","url":"https:\/\/chateau-miglos.fr\/wordpress-test\/explorer\/chemin-dinterpretation\/ariejo-o-moun-pais-3\/","name":"Ari\u00e8jo \u00f4 moun pa\u00efs - Ch\u00e2teau de Miglos","isPartOf":{"@id":"https:\/\/chateau-miglos.fr\/wordpress-test\/#website"},"primaryImageOfPage":{"@id":"https:\/\/chateau-miglos.fr\/wordpress-test\/explorer\/chemin-dinterpretation\/ariejo-o-moun-pais-3\/#primaryimage"},"image":{"@id":"https:\/\/chateau-miglos.fr\/wordpress-test\/explorer\/chemin-dinterpretation\/ariejo-o-moun-pais-3\/#primaryimage"},"thumbnailUrl":"http:\/\/chateau-miglos.fr\/wordpress-test\/wp-content\/uploads\/2019\/06\/sabas-entier.jpg","datePublished":"2020-03-21T13:07:59+00:00","dateModified":"2021-07-20T23:44:15+00:00","breadcrumb":{"@id":"https:\/\/chateau-miglos.fr\/wordpress-test\/explorer\/chemin-dinterpretation\/ariejo-o-moun-pais-3\/#breadcrumb"},"inLanguage":"fr-FR","potentialAction":[{"@type":"ReadAction","target":["https:\/\/chateau-miglos.fr\/wordpress-test\/explorer\/chemin-dinterpretation\/ariejo-o-moun-pais-3\/"]}]},{"@type":"ImageObject","inLanguage":"fr-FR","@id":"https:\/\/chateau-miglos.fr\/wordpress-test\/explorer\/chemin-dinterpretation\/ariejo-o-moun-pais-3\/#primaryimage","url":"https:\/\/chateau-miglos.fr\/wordpress-test\/wp-content\/uploads\/2019\/06\/sabas-entier.jpg","contentUrl":"https:\/\/chateau-miglos.fr\/wordpress-test\/wp-content\/uploads\/2019\/06\/sabas-entier.jpg","width":600,"height":768,"caption":"Abb\u00e9 Sabas Maury - probable 1901 - Cr\u00e9dit photo Alain Canal"},{"@type":"BreadcrumbList","@id":"https:\/\/chateau-miglos.fr\/wordpress-test\/explorer\/chemin-dinterpretation\/ariejo-o-moun-pais-3\/#breadcrumb","itemListElement":[{"@type":"ListItem","position":1,"name":"Accueil","item":"https:\/\/chateau-miglos.fr\/wordpress-test\/"},{"@type":"ListItem","position":2,"name":"Explorer","item":"https:\/\/chateau-miglos.fr\/wordpress-test\/explorer\/"},{"@type":"ListItem","position":3,"name":"Chemin d&#8217;interpr\u00e9tation","item":"https:\/\/chateau-miglos.fr\/wordpress-test\/explorer\/chemin-dinterpretation\/"},{"@type":"ListItem","position":4,"name":"Ari\u00e8jo \u00f4 moun pa\u00efs"}]},{"@type":"WebSite","@id":"https:\/\/chateau-miglos.fr\/wordpress-test\/#website","url":"https:\/\/chateau-miglos.fr\/wordpress-test\/","name":"Ch\u00e2teau de Miglos","description":"une ch\u00e2teau, une vall\u00e9e","publisher":{"@id":"https:\/\/chateau-miglos.fr\/wordpress-test\/#organization"},"potentialAction":[{"@type":"SearchAction","target":{"@type":"EntryPoint","urlTemplate":"https:\/\/chateau-miglos.fr\/wordpress-test\/?s={search_term_string}"},"query-input":"required name=search_term_string"}],"inLanguage":"fr-FR"},{"@type":"Organization","@id":"https:\/\/chateau-miglos.fr\/wordpress-test\/#organization","name":"Ch\u00e2teau de Miglos","url":"https:\/\/chateau-miglos.fr\/wordpress-test\/","logo":{"@type":"ImageObject","inLanguage":"fr-FR","@id":"https:\/\/chateau-miglos.fr\/wordpress-test\/#\/schema\/logo\/image\/","url":"https:\/\/chateau-miglos.fr\/wordpress-test\/wp-content\/uploads\/2019\/06\/seul.png","contentUrl":"https:\/\/chateau-miglos.fr\/wordpress-test\/wp-content\/uploads\/2019\/06\/seul.png","width":801,"height":705,"caption":"Ch\u00e2teau de Miglos"},"image":{"@id":"https:\/\/chateau-miglos.fr\/wordpress-test\/#\/schema\/logo\/image\/"},"sameAs":["https:\/\/www.facebook.com\/chateaudemiglos\/","https:\/\/www.instagram.com\/chateaudemiglos\/","https:\/\/www.youtube.com\/channel\/UC70FrOmo9xvq8eHCA4YTs9A","https:\/\/fr.wikipedia.org\/wiki\/Ch\u00e2teau_de_Miglos"]}]}},"rttpg_featured_image_url":null,"rttpg_author":{"display_name":"AACM","author_link":"https:\/\/chateau-miglos.fr\/wordpress-test\/author\/aacm\/"},"rttpg_comment":0,"rttpg_category":null,"rttpg_excerpt":"Grabamos &#8220;Ari\u00e8jo \u00f4 moun pa\u00efs&#8221;, cantado por el Conjunto Vocal &#8220;Unisson&#8221;Directora del coro Jeanine ProsperIglesia Arquizat-Miglos &#8211; S\u00e1bado 9 de abril de 2016 El padre Sabas Maury fue p\u00e1rroco de ...","_links":{"self":[{"href":"https:\/\/chateau-miglos.fr\/wordpress-test\/wp-json\/wp\/v2\/pages\/5109"}],"collection":[{"href":"https:\/\/chateau-miglos.fr\/wordpress-test\/wp-json\/wp\/v2\/pages"}],"about":[{"href":"https:\/\/chateau-miglos.fr\/wordpress-test\/wp-json\/wp\/v2\/types\/page"}],"author":[{"embeddable":true,"href":"https:\/\/chateau-miglos.fr\/wordpress-test\/wp-json\/wp\/v2\/users\/2"}],"replies":[{"embeddable":true,"href":"https:\/\/chateau-miglos.fr\/wordpress-test\/wp-json\/wp\/v2\/comments?post=5109"}],"version-history":[{"count":9,"href":"https:\/\/chateau-miglos.fr\/wordpress-test\/wp-json\/wp\/v2\/pages\/5109\/revisions"}],"predecessor-version":[{"id":7280,"href":"https:\/\/chateau-miglos.fr\/wordpress-test\/wp-json\/wp\/v2\/pages\/5109\/revisions\/7280"}],"up":[{"embeddable":true,"href":"https:\/\/chateau-miglos.fr\/wordpress-test\/wp-json\/wp\/v2\/pages\/835"}],"wp:attachment":[{"href":"https:\/\/chateau-miglos.fr\/wordpress-test\/wp-json\/wp\/v2\/media?parent=5109"}],"curies":[{"name":"wp","href":"https:\/\/api.w.org\/{rel}","templated":true}]}}