{"id":198,"date":"2019-02-03T14:52:37","date_gmt":"2019-02-03T13:52:37","guid":{"rendered":"http:\/\/chateau-miglos.fr\/wordpress-test\/?page_id=198"},"modified":"2022-01-25T15:53:16","modified_gmt":"2022-01-25T14:53:16","slug":"architecture-2","status":"publish","type":"page","link":"https:\/\/chateau-miglos.fr\/wordpress-test\/explorer\/architecture-2\/","title":{"rendered":"Architecture"},"content":{"rendered":"\n<h4 class=\"wp-block-heading\"> A la d\u00e9couverte de la forteresse m\u00e9di\u00e9vale <\/h4>\n\n\n\n<p class=\"has-very-dark-gray-color has-text-color\">La plate-forme o\u00f9 est  construit le ch\u00e2teau mesure environ 100 m\u00e8tres de long sur 30 de large.  L&#8217;enceinte est en forme d&#8217;ellipse, au nord de laquelle subsiste, sur la  partie la plus \u00e9lev\u00e9e du roc, un ensemble quadrangulaire, d&#8217;environ 22  m\u00e8tres sur 24. <\/p>\n\n\n\n<figure class=\"wp-block-gallery columns-1 is-cropped wp-block-gallery-1 is-layout-flex wp-block-gallery-is-layout-flex\"><ul class=\"blocks-gallery-grid\"><li class=\"blocks-gallery-item\"><figure><a href=\"http:\/\/chateau-miglos.fr\/wordpress-test\/wp-content\/uploads\/2019\/02\/Miglos_EdeLange-1250-1024x576.png\" data-rel=\"lightbox-gallery-wZpawLtV\" data-rl_title=\"Ch\u00e2teau de Miglos 2015 &#8211; \u00a9 Eelco de Lange &#8211; www.eelco.fr\" data-rl_caption=\"\" title=\"Ch\u00e2teau de Miglos 2015 &#8211; \u00a9 Eelco de Lange &#8211; www.eelco.fr\"><img loading=\"lazy\" decoding=\"async\" width=\"1024\" height=\"576\" src=\"http:\/\/chateau-miglos.fr\/wordpress-test\/wp-content\/uploads\/2019\/02\/Miglos_EdeLange-1250-1024x576.png\" alt=\"Ch\u00e2teau de Miglos 2015 - \u00a9 Eelco de Lange - www.eelco.fr\" data-id=\"348\" data-link=\"http:\/\/chateau-miglos.fr\/wordpress-test\/miglos_edelange-1250\/\" class=\"wp-image-348\"\/><\/a><\/figure><\/li><\/ul><\/figure>\n\n\n\n<p class=\"has-very-dark-gray-color has-text-color\">La surface du promontoire au sud correspond sans doute \u00e0 une ancienne basse-cour. Le rocher affleure partout et on n&#8217;y reconna\u00eet pour l&#8217;instant aucune trace d&#8217;am\u00e9nagements.<br> Le relief s\u2019impose \u00e0 l\u2019ouvrage d\u00e9fensif. L\u2019architecture s\u2019amalgame au rocher dont l\u2019utilisation est un ph\u00e9nom\u00e8ne essentiel dans l\u2019habitat rural militaire m\u00e9di\u00e9val en Sabarth\u00e8s, ce qui d\u00e9montre une volont\u00e9 d\u2019adaptation aux possibilit\u00e9s naturelles offertes.<\/p>\n\n\n\n<p class=\"has-very-dark-gray-color has-text-color\">A l\u2019ouest, sur le c\u00f4t\u00e9 le plus escarp\u00e9 dominant le vallon, l&#8217;enceinte suit \u00e0 peu pr\u00e8s la forme tourment\u00e9e de la falaise, tandis qu\u2019\u00e0 l\u2019est subsiste sur toute sa longueur un grand mur parfaitement rectiligne qui \u00e9tait peut-\u00eatre doubl\u00e9 par un second mur situ\u00e9 quelques m\u00e8tres \u00e0 l\u2019int\u00e9rieur de l\u2019enceinte et dont on distingue encore quelques pans au sud du ch\u00e2teau (1).<br> Ces murs d\u2019enceintes dont l\u2019\u00e9paisseur est d\u2019environ 90 centim\u00e8tres ne semblent pas \u00eatre de m\u00eame facture. Ceux de l\u2019ouest ainsi que ceux qui doublent l\u2019enceinte \u00e0 l&#8217;est sont faits de petites pierres calcaires mal taill\u00e9es et reli\u00e9es entre elles par un mortier de chaux grossier. Le mur rectiligne, \u00e0 l\u2019est, est constitu\u00e9 de blocs de moyen appareil, mieux taill\u00e9s et reli\u00e9s entre eux par un mortier compos\u00e9 de gravier plus fin. Il est possible que ce mur ait \u00e9t\u00e9 surajout\u00e9 plus tardivement, pour consolider le c\u00f4t\u00e9 le plus fragile de l\u2019enceinte. Cette enceinte d\u00e9limite une basse-cour, \u00e0 peu pr\u00e8s plane et probablement aras\u00e9e, d\u2019une soixantaine de m\u00e8tres de long.    <br> L\u2019enceinte initiale du ch\u00e2teau de Miglos est un rempart de faible \u00e9paisseur, constitu\u00e9 de moellons autochtones mal \u00e9quarris et li\u00e9s au mortier de chaux. Quelques trous de boulins (le boulin est une pi\u00e8ce de bois scell\u00e9e dans un mur pour soutenir un \u00e9chafaudage) apparaissent \u00e7a et l\u00e0, en face interne du mur. Du fait de l\u2019irr\u00e9gularit\u00e9 des moellons utilis\u00e9s, les parements ont un aspect d\u00e9sordonn\u00e9, totalement \u00e0 l\u2019oppos\u00e9 de ceux des \u00e9glises romanes.   <br> Dans le mur ancien du ch\u00e2teau de Miglos, comme dans les ouvrages des XIIIe et XIVe si\u00e8cles, la construction semble indiquer une carence de tailleurs de pierre mais une technicit\u00e9 plus remarquable de la ma\u00e7onnerie. N\u00e9anmoins, m\u00eame dans les b\u00e2timents castraux du Moyen \u00c2ge central des diff\u00e9rences existent : on doit souligner notamment l\u2019intense utilisation des ar\u00eates de poisson dans les murs, technique dont on sait qu\u2019elle se diffuse aux Xe et XIe si\u00e8cles pour des raisons d\u00e9coratives mais aussi fonctionnelles et qui perdure dans notre vall\u00e9e jusque dans des b\u00e2tis du d\u00e9but du XIIIe si\u00e8cle.<\/p>\n\n\n\n<p class=\"has-very-dark-gray-color has-text-color\">Reste que les diff\u00e9rences entre b\u00e2tis eccl\u00e9sial et castral sont difficiles \u00e0 expliciter car la main-d&#8217;\u0153uvre \u00e9tait \u00e9videmment la m\u00eame. Il faut probablement y voir une diff\u00e9rence de moyens g\u00e9n\u00e9r\u00e9e autant par les possibilit\u00e9s mon\u00e9taires des seigneurs que par une moindre volont\u00e9 de favoriser la qualit\u00e9 du b\u00e2ti dans des monuments d\u00e9j\u00e0 impressionnants par leur situation \u00e9lev\u00e9e et par la pr\u00e9sence alti\u00e8re de la tour ma\u00eetresse dominante (2).  <\/p>\n\n\n\n<p class=\"has-very-dark-gray-color has-text-color\">La disparition documentaire du site \u00e0 partir du milieu du XIVe si\u00e8cle est r\u00e9v\u00e9latrice du d\u00e9sengagement des comtes de B\u00e9arn et notamment de Febus qui n\u00e9glige les anciennes forteresses comtales co\u00fbteuses et d\u00e9sormais inutiles : le Sabarth\u00e8s cesse d\u2019\u00eatre un point fort des possessions comtales et que les pratiques comtales s\u2019orientent  vers d&#8217;autres horizons ; le nombre d\u2019ouvrages se r\u00e9duit rapidement et se concentre en B\u00e9arn, entre le B\u00e9arn et le comt\u00e9 de Foix, ou \u00e0 l\u2019aval du comt\u00e9 de Foix (3). <\/p>\n\n\n\n<hr class=\"wp-block-separator\"\/>\n\n\n\n<figure class=\"wp-block-gallery columns-3 is-cropped wp-block-gallery-2 is-layout-flex wp-block-gallery-is-layout-flex\"><ul class=\"blocks-gallery-grid\"><li class=\"blocks-gallery-item\"><figure><a href=\"http:\/\/chateau-miglos.fr\/wordpress-test\/wp-content\/uploads\/2019\/05\/1168-r-633x1024.jpg\" data-rel=\"lightbox-gallery-wZpawLtV\" data-rl_title=\"Carte postale Labouche 1168 vers 1920\" data-rl_caption=\"\" title=\"Carte postale Labouche 1168 vers 1920\"><img loading=\"lazy\" decoding=\"async\" width=\"633\" height=\"1024\" src=\"http:\/\/chateau-miglos.fr\/wordpress-test\/wp-content\/uploads\/2019\/05\/1168-r-633x1024.jpg\" alt=\"Carte postale Labouche 1168 vers 1920\" data-id=\"1136\" data-link=\"http:\/\/chateau-miglos.fr\/wordpress-test\/explorer\/architecture-2\/1168-r\/\" class=\"wp-image-1136\"\/><\/a><\/figure><\/li><li class=\"blocks-gallery-item\"><figure><a href=\"http:\/\/chateau-miglos.fr\/wordpress-test\/wp-content\/uploads\/2019\/05\/gaussen-740x1024.jpg\" data-rel=\"lightbox-gallery-wZpawLtV\" data-rl_title=\"Photo du botaniste Henri Gaussen -1920\" data-rl_caption=\"\" title=\"Photo du botaniste Henri Gaussen -1920\"><img loading=\"lazy\" decoding=\"async\" width=\"740\" height=\"1024\" src=\"http:\/\/chateau-miglos.fr\/wordpress-test\/wp-content\/uploads\/2019\/05\/gaussen-740x1024.jpg\" alt=\"Photo du botaniste Henri Gaussen -1920\" data-id=\"1137\" data-link=\"http:\/\/chateau-miglos.fr\/wordpress-test\/explorer\/architecture-2\/gaussen\/\" class=\"wp-image-1137\"\/><\/a><\/figure><\/li><li class=\"blocks-gallery-item\"><figure><a href=\"http:\/\/chateau-miglos.fr\/wordpress-test\/wp-content\/uploads\/2019\/05\/larrey-r-883x1024.jpg\" data-rel=\"lightbox-gallery-wZpawLtV\" data-rl_title=\"Carte postale Larrey vers 1950\" data-rl_caption=\"\" title=\"Carte postale Larrey vers 1950\"><img loading=\"lazy\" decoding=\"async\" width=\"883\" height=\"1024\" src=\"http:\/\/chateau-miglos.fr\/wordpress-test\/wp-content\/uploads\/2019\/05\/larrey-r-883x1024.jpg\" alt=\"Carte postale Larrey vers 1950\" data-id=\"1138\" data-link=\"http:\/\/chateau-miglos.fr\/wordpress-test\/explorer\/architecture-2\/larrey-r\/\" class=\"wp-image-1138\"\/><\/a><\/figure><\/li><\/ul><\/figure>\n\n\n\n<h4 class=\"wp-block-heading\">La tour sud-est, donjon rectangulaire.  <\/h4>\n\n\n\n<p class=\"has-very-dark-gray-color has-text-color\"> La tour sud-est, donjon rectangulaire, atteignait la hauteur de 19  m\u00e8tres sur une base de 9 m\u00e8tres sur 7. Elle a conserv\u00e9 ses faces nord et  est. Les faces se sont effondr\u00e9es entre l&#8217;\u00e9t\u00e9 1948 et l&#8217;automne 1949.  On peut voir sur des photos du d\u00e9but du si\u00e8cle la tour intacte et  observer une fissure qui l\u00e9zarde le mur exactement au point de rupture. <\/p>\n\n\n\n<p class=\"has-very-dark-gray-color has-text-color\">Il a \u00e9t\u00e9 remarqu\u00e9 qu&#8217;\u00e0 la fin du XII\u00e8 si\u00e8cle en haute Ari\u00e8ge les tours ma\u00eetresses sont le plus souvent du c\u00f4t\u00e9 le plus accessible, le c\u00f4t\u00e9 \u00e0 d\u00e9fendre, plut\u00f4t qu\u2019au centre du ch\u00e2teau, c&#8217;est le cas pour cette tour (4). De l\u00e0 on aper\u00e7oit la spoulga de Baychon qui \u00e9tait s\u00fbrement un poste avanc\u00e9, assurant une meilleure d\u00e9fense.<\/p>\n\n\n\n<figure class=\"wp-block-gallery aligncenter columns-1 wp-block-gallery-3 is-layout-flex wp-block-gallery-is-layout-flex\"><ul class=\"blocks-gallery-grid\"><li class=\"blocks-gallery-item\"><figure><img loading=\"lazy\" decoding=\"async\" width=\"716\" height=\"420\" src=\"http:\/\/chateau-miglos.fr\/wordpress-test\/wp-content\/uploads\/2019\/05\/plan-chateau-flavy-o-1.jpg\" alt=\"Dessin de Barri\u00e8re-Flavy, dans &quot;La baronnie de Miglos&quot; - 1894\" data-id=\"1161\" data-link=\"http:\/\/chateau-miglos.fr\/wordpress-test\/explorer\/architecture-2\/plan-chateau-flavy-o-2\/\" class=\"wp-image-1161\"\/><\/figure><\/li><\/ul><\/figure>\n\n\n\n<p class=\"has-very-dark-gray-color has-text-color\">On peut constater que la tour a \u00e9t\u00e9 reprise en hauteur. Ses murs (\u00e9pais  de 1,4 m), b\u00e2tis en blocage, sont plus larges que ceux du reste de la fortification. Leur \u00e9paisseur diminue au fur et \u00e0 mesure qu&#8217;ils s&#8217;\u00e9l\u00e8vent pour finir \u00e0 environ 70 centim\u00e8tres.    <br>\nCette tour poss\u00e9dait quatre \u00e9tages qui apparaissent gr\u00e2ce aux d\u00e9crochements de la muraille interne du b\u00e2timent. Il s\u2019agit donc d\u2019\u00e9tages sur planchers. Elle \u00e9tait couronn\u00e9e de merlons carr\u00e9s et l\u2019on remarque nettement l\u2019encoche des hourds, un m\u00e8tre sous les cr\u00e9neaux et les merlons. Les cr\u00e9neaux ont \u00e9t\u00e9 ensuite rebouch\u00e9s et un nouveau cr\u00e9nelage a \u00e9t\u00e9 superpos\u00e9 pour permettre d\u2019\u00e9lever le b\u00e2timent et de faire de ce donjon un b\u00e2timent essentiellement r\u00e9sidentiel.<\/p>\n\n\n\n<figure class=\"wp-block-gallery columns-3 is-cropped wp-block-gallery-4 is-layout-flex wp-block-gallery-is-layout-flex\"><ul class=\"blocks-gallery-grid\"><li class=\"blocks-gallery-item\"><figure><a href=\"http:\/\/chateau-miglos.fr\/wordpress-test\/wp-content\/uploads\/2019\/05\/trilob\u00e9e2018-drone09-683x1024.jpg\" data-rel=\"lightbox-gallery-wZpawLtV\" data-rl_title=\"Baie trilob\u00e9e, mur est du donjon. \u00a9 AACM\" data-rl_caption=\"\" title=\"Baie trilob\u00e9e, mur est du donjon. \u00a9 AACM\"><img loading=\"lazy\" decoding=\"async\" width=\"683\" height=\"1024\" src=\"http:\/\/chateau-miglos.fr\/wordpress-test\/wp-content\/uploads\/2019\/05\/trilob\u00e9e2018-drone09-683x1024.jpg\" alt=\"Fen\u00eatre trilob\u00e9e ext\u00e9rieur - AACM \u00a9 Drone09\" data-id=\"1166\" data-link=\"http:\/\/chateau-miglos.fr\/wordpress-test\/trilobee2018-drone09\/\" class=\"wp-image-1166\"\/><\/a><\/figure><\/li><li class=\"blocks-gallery-item\"><figure><a href=\"http:\/\/chateau-miglos.fr\/wordpress-test\/wp-content\/uploads\/2019\/05\/chateau-barbandiere-2018-683x1024.jpg\" data-rel=\"lightbox-gallery-wZpawLtV\" data-rl_title=\"Ch\u00e2teau de Miglos 2018 &#8211; &#8211; AACM \u00a9 CB\" data-rl_caption=\"\" title=\"Ch\u00e2teau de Miglos 2018 &#8211; &#8211; AACM \u00a9 CB\"><img loading=\"lazy\" decoding=\"async\" width=\"683\" height=\"1024\" src=\"http:\/\/chateau-miglos.fr\/wordpress-test\/wp-content\/uploads\/2019\/05\/chateau-barbandiere-2018-683x1024.jpg\" alt=\"Ch\u00e2teau de Miglos 2018 - - AACM \u00a9 CB\" data-id=\"1169\" data-link=\"http:\/\/chateau-miglos.fr\/wordpress-test\/chateau-barbandiere-2018\/\" class=\"wp-image-1169\"\/><\/a><\/figure><\/li><li class=\"blocks-gallery-item\"><figure><a href=\"http:\/\/chateau-miglos.fr\/wordpress-test\/wp-content\/uploads\/2019\/05\/trilobee-barbandiere-683x1024.jpg\" data-rel=\"lightbox-gallery-wZpawLtV\" data-rl_title=\"Fen\u00eatre trilob\u00e9e int\u00e9rieur &#8211; AACM \u00a9 CB\" data-rl_caption=\"\" title=\"Fen\u00eatre trilob\u00e9e int\u00e9rieur &#8211; AACM \u00a9 CB\"><img loading=\"lazy\" decoding=\"async\" width=\"683\" height=\"1024\" src=\"http:\/\/chateau-miglos.fr\/wordpress-test\/wp-content\/uploads\/2019\/05\/trilobee-barbandiere-683x1024.jpg\" alt=\"Fen\u00eatre trilob\u00e9e int\u00e9rieur - AACM \u00a9 CB\" data-id=\"1167\" data-link=\"http:\/\/chateau-miglos.fr\/wordpress-test\/trilobee-barbandiere\/\" class=\"wp-image-1167\"\/><\/a><\/figure><\/li><\/ul><\/figure>\n\n\n\n<p class=\"has-very-dark-gray-color has-text-color\">Ce donjon ne poss\u00e8de aucune meurtri\u00e8re, mais le troisi\u00e8me \u00e9tage est ajour\u00e9, dans la partie reconstruite, du c\u00f4t\u00e9 du chemin de Baychon, face est, par une baie ogivale trilob\u00e9e de tradition romane dont la dimension est d\u2019environ 1 m\u00e8tre sur 60 centim\u00e8tres. Juste en dessous, on peut voir une petite baie avec ardoise-\u00e9gout qui devait servir \u00e0 \u00e9vacuer les eaux us\u00e9es.<\/p>\n\n\n\n<hr class=\"wp-block-separator\"\/>\n\n\n\n<h4 class=\"wp-block-heading\"> La tour nord-ouest, tour citerne. <\/h4>\n\n\n\n<p class=\"has-very-dark-gray-color has-text-color\">La tour nord-ouest, tour citerne, comporte dans son \u00e9tage inf\u00e9rieur une salle vo\u00fbt\u00e9e. Elle mesurait aussi une quinzaine de m\u00e8tres et \u00e9tait cr\u00e9nel\u00e9e. Des traces de  mortier de tuileau indiquent qu\u2019il pourrait s\u2019agir d\u2019une citerne, dont la contenance peut \u00eatre estim\u00e9e \u00e0 une trentaine de m3. Il n&#8217;y a pas d&#8217;ouverture dans la vo\u00fbte; on ne peut certifier qu&#8217;il s&#8217;agisse d&#8217;une citerne ouverte sur l&#8217;ext\u00e9rieur apr\u00e8s coup.     <br> Les deux tours \u00e9taient reli\u00e9es entre elles par un b\u00e2timent en \u00e9querre comportant au moins deux salles. La plus longue, contigu\u00eb au donjon, \u00e9tait adoss\u00e9e au rempart du c\u00f4t\u00e9 du chemin de Niaux. Quatre arch\u00e8res rectangulaires y sont perc\u00e9es, dispos\u00e9es r\u00e9guli\u00e8rement et \u00e0 un m\u00e8tre du sol. Leur fond est plat et elles mesurent toutes les quatre 80 centim\u00e8tres de haut sur 35 de large, du c\u00f4t\u00e9 int\u00e9rieur et 10 centim\u00e8tres de large, du c\u00f4t\u00e9 ext\u00e9rieur. Perc\u00e9es c\u00f4te \u00e0 c\u00f4te, trois d\u2019entre elles sont orient\u00e9es vers Arquizat et l\u2019amont du vallon, tandis que la derni\u00e8re donne sur la vall\u00e9e du Vicdessos. Une cinqui\u00e8me arch\u00e8re est perc\u00e9e dans le mur nord du rempart, vers la vall\u00e9e de Vicdessos. Elle a les m\u00eames caract\u00e9ristiques et mesures que les pr\u00e9c\u00e9dentes. Enfin, la plus petite des salles, contigu\u00eb \u00e0 la petite tour, poss\u00e9dait une chemin\u00e9e dont le percement ult\u00e9rieur \u00e0 la construction du mur d\u2019enceinte avait affaibli ce dernier. Il a \u00e9t\u00e9 renforc\u00e9 \u00e0 l\u2019ext\u00e9rieur par deux contreforts. <\/p>\n\n\n\n<hr class=\"wp-block-separator\"\/>\n\n\n\n<figure class=\"wp-block-gallery columns-3 is-cropped wp-block-gallery-5 is-layout-flex wp-block-gallery-is-layout-flex\"><ul class=\"blocks-gallery-grid\"><li class=\"blocks-gallery-item\"><figure><a href=\"http:\/\/chateau-miglos.fr\/wordpress-test\/wp-content\/uploads\/2019\/05\/face-n-683x1024.jpg\" data-rel=\"lightbox-gallery-wZpawLtV\" data-rl_title=\"Face Nord &#8211; AACM \u00a9 Drone09\" data-rl_caption=\"\" title=\"Face Nord &#8211; AACM \u00a9 Drone09\"><img loading=\"lazy\" decoding=\"async\" width=\"683\" height=\"1024\" src=\"http:\/\/chateau-miglos.fr\/wordpress-test\/wp-content\/uploads\/2019\/05\/face-n-683x1024.jpg\" alt=\"Face Nord - AACM \u00a9 Drone09\" data-id=\"1175\" data-link=\"http:\/\/chateau-miglos.fr\/wordpress-test\/face-n\/\" class=\"wp-image-1175\"\/><\/a><\/figure><\/li><li class=\"blocks-gallery-item\"><figure><a href=\"http:\/\/chateau-miglos.fr\/wordpress-test\/wp-content\/uploads\/2019\/05\/spoulga-683x1024.jpg\" data-rel=\"lightbox-gallery-wZpawLtV\" data-rl_title=\"Spoulga de Baychon &#8211; AACM \u00a9 Drone09\" data-rl_caption=\"\" title=\"Spoulga de Baychon &#8211; AACM \u00a9 Drone09\"><img loading=\"lazy\" decoding=\"async\" width=\"683\" height=\"1024\" src=\"http:\/\/chateau-miglos.fr\/wordpress-test\/wp-content\/uploads\/2019\/05\/spoulga-683x1024.jpg\" alt=\"Spoulga de Baychon - AACM \u00a9 Drone09\" data-id=\"1177\" data-link=\"http:\/\/chateau-miglos.fr\/wordpress-test\/spoulga\/\" class=\"wp-image-1177\"\/><\/a><\/figure><\/li><li class=\"blocks-gallery-item\"><figure><a href=\"http:\/\/chateau-miglos.fr\/wordpress-test\/wp-content\/uploads\/2019\/05\/face-s-683x1024.jpg\" data-rel=\"lightbox-gallery-wZpawLtV\" data-rl_title=\"Face Sud &#8211; AACM \u00a9 Drone09\" data-rl_caption=\"\" title=\"Face Sud &#8211; AACM \u00a9 Drone09\"><img loading=\"lazy\" decoding=\"async\" width=\"683\" height=\"1024\" src=\"http:\/\/chateau-miglos.fr\/wordpress-test\/wp-content\/uploads\/2019\/05\/face-s-683x1024.jpg\" alt=\"Face Sud - AACM \u00a9 Drone09\" data-id=\"1176\" data-link=\"http:\/\/chateau-miglos.fr\/wordpress-test\/face-s\/\" class=\"wp-image-1176\"\/><\/a><\/figure><\/li><\/ul><\/figure>\n\n\n\n<h4 class=\"wp-block-heading\">En r\u00e9sum\u00e9<\/h4>\n\n\n\n<p class=\"has-very-dark-gray-color has-text-color\">Les vestiges du premier ch\u00e2teau datent du XIIe si\u00e8cle : enceinte ext\u00e9rieure archa\u00efque suivant le relief qui et partie basse du donjon.<br> Puis le donjon semble avoir \u00e9t\u00e9 r\u00e9par\u00e9, avant la construction de l\u2019enceinte quadrangulaire interne, sorte de r\u00e9duit fortifi\u00e9 qui r\u00e9duisit de quelques m\u00e8tres l\u2019espace ext\u00e9rieur du donjon.<br> La tour-citerne, \u00e0 l\u2019oppos\u00e9 du donjon, date probablement de la m\u00eame \u00e9poque. Par sa forme, on peut la rapprocher des tours-citernes de Lordat ou de la tour nord du ch\u00e2teau de Montr\u00e9al-de-Sos, appel\u00e9e tour du Barri (5). Cette citerne vo\u00fbt\u00e9e en \u00e9tage inf\u00e9rieur situ\u00e9e dans une tour p\u00e9riph\u00e9rique mais interne \u00e0 l\u2019enceinte ne para\u00eet pas ant\u00e9rieure au XIVe si\u00e8cle.<br> Les arch\u00e8res qui percent la tour semblent de m\u00eame facture que l\u2019enceinte interne.     <\/p>\n\n\n\n<p class=\"has-very-dark-gray-color has-text-color\">Enfin, des am\u00e9nagements r\u00e9sidentiels, tels la chemin\u00e9e, le b\u00e2timent annexe ma\u00e7onn\u00e9 et le comblement des cr\u00e9neaux du donjon, ont pu \u00eatre effectu\u00e9s plus tard, puisque ce ch\u00e2teau est mentionn\u00e9 jusqu\u2019au d\u00e9but du XVe si\u00e8cle.<\/p>\n\n\n\n<hr class=\"wp-block-separator\"\/>\n\n\n\n<p class=\"has-small-font-size\">(1) Guillot Florence, Fortifications, pouvoirs et peuplement en Sabarth\u00e8s du d\u00e9but du XI\u00e8 si\u00e8cle si\u00e8cle au d\u00e9but du XV\u00e8 si\u00e8cle, Th\u00e8se Doctorat, Presse Universitaire du Septentrion, 1998.<br> (2) Guillot Florence, Synth\u00e8se colloque 2006 p17<br> (3) Guillot Florence, Fortifications, pouvoirs et peuplement en Sabarth\u00e8s du d\u00e9but du XI\u00e8 si\u00e8cle si\u00e8cle au d\u00e9but du XV\u00e8 si\u00e8cle, Th\u00e8se Doctorat, Presse Universitaire du Septentrion, 1998.<br> (4) Guillot Florence, Les fortifications des comtes de Foix XI\u00e8-XVe si\u00e8cles, Arch\u00e9ologie du Midi M\u00e9di\u00e9val, 2006 et GUILLOT.<br> (5) Guillot Florence, Rapport de fouilles 2001 p10. Rapport de fouilles 2002 p13<\/p>\n","protected":false},"excerpt":{"rendered":"<p>La plate-forme o\u00f9 est construit le ch\u00e2teau mesure environ 100 m\u00e8tres de long sur 30 de large. <\/p>\n","protected":false},"author":2,"featured_media":1597,"parent":195,"menu_order":2,"comment_status":"closed","ping_status":"closed","template":"template-fullwidth.php","meta":{"ngg_post_thumbnail":0,"footnotes":""},"yoast_head":"<!-- This site is optimized with the Yoast SEO plugin v23.0 - https:\/\/yoast.com\/wordpress\/plugins\/seo\/ -->\n<title>Architecture - Ch\u00e2teau de Miglos<\/title>\n<meta name=\"robots\" content=\"index, follow, max-snippet:-1, max-image-preview:large, max-video-preview:-1\" \/>\n<link rel=\"canonical\" href=\"https:\/\/chateau-miglos.fr\/wordpress-test\/explorer\/architecture-2\/\" \/>\n<meta property=\"og:locale\" content=\"fr_FR\" \/>\n<meta property=\"og:type\" content=\"article\" \/>\n<meta property=\"og:title\" content=\"Architecture - Ch\u00e2teau de Miglos\" \/>\n<meta property=\"og:description\" content=\"La plate-forme o\u00f9 est construit le ch\u00e2teau mesure environ 100 m\u00e8tres de long sur 30 de large.\" \/>\n<meta property=\"og:url\" content=\"https:\/\/chateau-miglos.fr\/wordpress-test\/explorer\/architecture-2\/\" \/>\n<meta property=\"og:site_name\" content=\"Ch\u00e2teau de Miglos\" \/>\n<meta property=\"article:publisher\" content=\"https:\/\/www.facebook.com\/chateaudemiglos\/\" \/>\n<meta property=\"article:modified_time\" content=\"2022-01-25T14:53:16+00:00\" \/>\n<meta property=\"og:image\" content=\"https:\/\/chateau-miglos.fr\/wordpress-test\/wp-content\/uploads\/2019\/05\/architecture-avant.jpg\" \/>\n\t<meta property=\"og:image:width\" content=\"700\" \/>\n\t<meta property=\"og:image:height\" content=\"700\" \/>\n\t<meta property=\"og:image:type\" content=\"image\/jpeg\" \/>\n<meta name=\"twitter:card\" content=\"summary_large_image\" \/>\n<meta name=\"twitter:label1\" content=\"Dur\u00e9e de lecture estim\u00e9e\" \/>\n\t<meta name=\"twitter:data1\" content=\"9 minutes\" \/>\n<script type=\"application\/ld+json\" class=\"yoast-schema-graph\">{\"@context\":\"https:\/\/schema.org\",\"@graph\":[{\"@type\":\"WebPage\",\"@id\":\"https:\/\/chateau-miglos.fr\/wordpress-test\/explorer\/architecture-2\/\",\"url\":\"https:\/\/chateau-miglos.fr\/wordpress-test\/explorer\/architecture-2\/\",\"name\":\"Architecture - Ch\u00e2teau de Miglos\",\"isPartOf\":{\"@id\":\"https:\/\/chateau-miglos.fr\/wordpress-test\/#website\"},\"primaryImageOfPage\":{\"@id\":\"https:\/\/chateau-miglos.fr\/wordpress-test\/explorer\/architecture-2\/#primaryimage\"},\"image\":{\"@id\":\"https:\/\/chateau-miglos.fr\/wordpress-test\/explorer\/architecture-2\/#primaryimage\"},\"thumbnailUrl\":\"https:\/\/chateau-miglos.fr\/wordpress-test\/wp-content\/uploads\/2019\/05\/architecture-avant.jpg\",\"datePublished\":\"2019-02-03T13:52:37+00:00\",\"dateModified\":\"2022-01-25T14:53:16+00:00\",\"breadcrumb\":{\"@id\":\"https:\/\/chateau-miglos.fr\/wordpress-test\/explorer\/architecture-2\/#breadcrumb\"},\"inLanguage\":\"fr-FR\",\"potentialAction\":[{\"@type\":\"ReadAction\",\"target\":[\"https:\/\/chateau-miglos.fr\/wordpress-test\/explorer\/architecture-2\/\"]}]},{\"@type\":\"ImageObject\",\"inLanguage\":\"fr-FR\",\"@id\":\"https:\/\/chateau-miglos.fr\/wordpress-test\/explorer\/architecture-2\/#primaryimage\",\"url\":\"https:\/\/chateau-miglos.fr\/wordpress-test\/wp-content\/uploads\/2019\/05\/architecture-avant.jpg\",\"contentUrl\":\"https:\/\/chateau-miglos.fr\/wordpress-test\/wp-content\/uploads\/2019\/05\/architecture-avant.jpg\",\"width\":700,\"height\":700},{\"@type\":\"BreadcrumbList\",\"@id\":\"https:\/\/chateau-miglos.fr\/wordpress-test\/explorer\/architecture-2\/#breadcrumb\",\"itemListElement\":[{\"@type\":\"ListItem\",\"position\":1,\"name\":\"Accueil\",\"item\":\"https:\/\/chateau-miglos.fr\/wordpress-test\/\"},{\"@type\":\"ListItem\",\"position\":2,\"name\":\"Explorer\",\"item\":\"https:\/\/chateau-miglos.fr\/wordpress-test\/explorer\/\"},{\"@type\":\"ListItem\",\"position\":3,\"name\":\"Architecture\"}]},{\"@type\":\"WebSite\",\"@id\":\"https:\/\/chateau-miglos.fr\/wordpress-test\/#website\",\"url\":\"https:\/\/chateau-miglos.fr\/wordpress-test\/\",\"name\":\"Ch\u00e2teau de Miglos\",\"description\":\"une ch\u00e2teau, une vall\u00e9e\",\"publisher\":{\"@id\":\"https:\/\/chateau-miglos.fr\/wordpress-test\/#organization\"},\"potentialAction\":[{\"@type\":\"SearchAction\",\"target\":{\"@type\":\"EntryPoint\",\"urlTemplate\":\"https:\/\/chateau-miglos.fr\/wordpress-test\/?s={search_term_string}\"},\"query-input\":\"required name=search_term_string\"}],\"inLanguage\":\"fr-FR\"},{\"@type\":\"Organization\",\"@id\":\"https:\/\/chateau-miglos.fr\/wordpress-test\/#organization\",\"name\":\"Ch\u00e2teau de Miglos\",\"url\":\"https:\/\/chateau-miglos.fr\/wordpress-test\/\",\"logo\":{\"@type\":\"ImageObject\",\"inLanguage\":\"fr-FR\",\"@id\":\"https:\/\/chateau-miglos.fr\/wordpress-test\/#\/schema\/logo\/image\/\",\"url\":\"https:\/\/chateau-miglos.fr\/wordpress-test\/wp-content\/uploads\/2019\/06\/seul.png\",\"contentUrl\":\"https:\/\/chateau-miglos.fr\/wordpress-test\/wp-content\/uploads\/2019\/06\/seul.png\",\"width\":801,\"height\":705,\"caption\":\"Ch\u00e2teau de Miglos\"},\"image\":{\"@id\":\"https:\/\/chateau-miglos.fr\/wordpress-test\/#\/schema\/logo\/image\/\"},\"sameAs\":[\"https:\/\/www.facebook.com\/chateaudemiglos\/\",\"https:\/\/www.instagram.com\/chateaudemiglos\/\",\"https:\/\/www.youtube.com\/channel\/UC70FrOmo9xvq8eHCA4YTs9A\",\"https:\/\/fr.wikipedia.org\/wiki\/Ch\u00e2teau_de_Miglos\"]}]}<\/script>\n<!-- \/ Yoast SEO plugin. -->","yoast_head_json":{"title":"Architecture - Ch\u00e2teau de Miglos","robots":{"index":"index","follow":"follow","max-snippet":"max-snippet:-1","max-image-preview":"max-image-preview:large","max-video-preview":"max-video-preview:-1"},"canonical":"https:\/\/chateau-miglos.fr\/wordpress-test\/explorer\/architecture-2\/","og_locale":"fr_FR","og_type":"article","og_title":"Architecture - Ch\u00e2teau de Miglos","og_description":"La plate-forme o\u00f9 est construit le ch\u00e2teau mesure environ 100 m\u00e8tres de long sur 30 de large.","og_url":"https:\/\/chateau-miglos.fr\/wordpress-test\/explorer\/architecture-2\/","og_site_name":"Ch\u00e2teau de Miglos","article_publisher":"https:\/\/www.facebook.com\/chateaudemiglos\/","article_modified_time":"2022-01-25T14:53:16+00:00","og_image":[{"width":700,"height":700,"url":"https:\/\/chateau-miglos.fr\/wordpress-test\/wp-content\/uploads\/2019\/05\/architecture-avant.jpg","type":"image\/jpeg"}],"twitter_card":"summary_large_image","twitter_misc":{"Dur\u00e9e de lecture estim\u00e9e":"9 minutes"},"schema":{"@context":"https:\/\/schema.org","@graph":[{"@type":"WebPage","@id":"https:\/\/chateau-miglos.fr\/wordpress-test\/explorer\/architecture-2\/","url":"https:\/\/chateau-miglos.fr\/wordpress-test\/explorer\/architecture-2\/","name":"Architecture - Ch\u00e2teau de Miglos","isPartOf":{"@id":"https:\/\/chateau-miglos.fr\/wordpress-test\/#website"},"primaryImageOfPage":{"@id":"https:\/\/chateau-miglos.fr\/wordpress-test\/explorer\/architecture-2\/#primaryimage"},"image":{"@id":"https:\/\/chateau-miglos.fr\/wordpress-test\/explorer\/architecture-2\/#primaryimage"},"thumbnailUrl":"https:\/\/chateau-miglos.fr\/wordpress-test\/wp-content\/uploads\/2019\/05\/architecture-avant.jpg","datePublished":"2019-02-03T13:52:37+00:00","dateModified":"2022-01-25T14:53:16+00:00","breadcrumb":{"@id":"https:\/\/chateau-miglos.fr\/wordpress-test\/explorer\/architecture-2\/#breadcrumb"},"inLanguage":"fr-FR","potentialAction":[{"@type":"ReadAction","target":["https:\/\/chateau-miglos.fr\/wordpress-test\/explorer\/architecture-2\/"]}]},{"@type":"ImageObject","inLanguage":"fr-FR","@id":"https:\/\/chateau-miglos.fr\/wordpress-test\/explorer\/architecture-2\/#primaryimage","url":"https:\/\/chateau-miglos.fr\/wordpress-test\/wp-content\/uploads\/2019\/05\/architecture-avant.jpg","contentUrl":"https:\/\/chateau-miglos.fr\/wordpress-test\/wp-content\/uploads\/2019\/05\/architecture-avant.jpg","width":700,"height":700},{"@type":"BreadcrumbList","@id":"https:\/\/chateau-miglos.fr\/wordpress-test\/explorer\/architecture-2\/#breadcrumb","itemListElement":[{"@type":"ListItem","position":1,"name":"Accueil","item":"https:\/\/chateau-miglos.fr\/wordpress-test\/"},{"@type":"ListItem","position":2,"name":"Explorer","item":"https:\/\/chateau-miglos.fr\/wordpress-test\/explorer\/"},{"@type":"ListItem","position":3,"name":"Architecture"}]},{"@type":"WebSite","@id":"https:\/\/chateau-miglos.fr\/wordpress-test\/#website","url":"https:\/\/chateau-miglos.fr\/wordpress-test\/","name":"Ch\u00e2teau de Miglos","description":"une ch\u00e2teau, une vall\u00e9e","publisher":{"@id":"https:\/\/chateau-miglos.fr\/wordpress-test\/#organization"},"potentialAction":[{"@type":"SearchAction","target":{"@type":"EntryPoint","urlTemplate":"https:\/\/chateau-miglos.fr\/wordpress-test\/?s={search_term_string}"},"query-input":"required name=search_term_string"}],"inLanguage":"fr-FR"},{"@type":"Organization","@id":"https:\/\/chateau-miglos.fr\/wordpress-test\/#organization","name":"Ch\u00e2teau de Miglos","url":"https:\/\/chateau-miglos.fr\/wordpress-test\/","logo":{"@type":"ImageObject","inLanguage":"fr-FR","@id":"https:\/\/chateau-miglos.fr\/wordpress-test\/#\/schema\/logo\/image\/","url":"https:\/\/chateau-miglos.fr\/wordpress-test\/wp-content\/uploads\/2019\/06\/seul.png","contentUrl":"https:\/\/chateau-miglos.fr\/wordpress-test\/wp-content\/uploads\/2019\/06\/seul.png","width":801,"height":705,"caption":"Ch\u00e2teau de Miglos"},"image":{"@id":"https:\/\/chateau-miglos.fr\/wordpress-test\/#\/schema\/logo\/image\/"},"sameAs":["https:\/\/www.facebook.com\/chateaudemiglos\/","https:\/\/www.instagram.com\/chateaudemiglos\/","https:\/\/www.youtube.com\/channel\/UC70FrOmo9xvq8eHCA4YTs9A","https:\/\/fr.wikipedia.org\/wiki\/Ch\u00e2teau_de_Miglos"]}]}},"rttpg_featured_image_url":{"full":["https:\/\/chateau-miglos.fr\/wordpress-test\/wp-content\/uploads\/2019\/05\/architecture-avant.jpg",700,700,false],"landscape":["https:\/\/chateau-miglos.fr\/wordpress-test\/wp-content\/uploads\/2019\/05\/architecture-avant.jpg",700,700,false],"portraits":["https:\/\/chateau-miglos.fr\/wordpress-test\/wp-content\/uploads\/2019\/05\/architecture-avant.jpg",700,700,false],"thumbnail":["https:\/\/chateau-miglos.fr\/wordpress-test\/wp-content\/uploads\/2019\/05\/architecture-avant-150x150.jpg",150,150,true],"medium":["https:\/\/chateau-miglos.fr\/wordpress-test\/wp-content\/uploads\/2019\/05\/architecture-avant-300x300.jpg",300,300,true],"large":["https:\/\/chateau-miglos.fr\/wordpress-test\/wp-content\/uploads\/2019\/05\/architecture-avant.jpg",700,700,false],"1536x1536":["https:\/\/chateau-miglos.fr\/wordpress-test\/wp-content\/uploads\/2019\/05\/architecture-avant.jpg",700,700,false],"2048x2048":["https:\/\/chateau-miglos.fr\/wordpress-test\/wp-content\/uploads\/2019\/05\/architecture-avant.jpg",700,700,false],"onepress-blog-small":["https:\/\/chateau-miglos.fr\/wordpress-test\/wp-content\/uploads\/2019\/05\/architecture-avant-300x150.jpg",300,150,true],"onepress-small":["https:\/\/chateau-miglos.fr\/wordpress-test\/wp-content\/uploads\/2019\/05\/architecture-avant-480x300.jpg",480,300,true],"onepress-medium":["https:\/\/chateau-miglos.fr\/wordpress-test\/wp-content\/uploads\/2019\/05\/architecture-avant-640x400.jpg",640,400,true],"sow-carousel-default":["https:\/\/chateau-miglos.fr\/wordpress-test\/wp-content\/uploads\/2019\/05\/architecture-avant-272x182.jpg",272,182,true]},"rttpg_author":{"display_name":"AACM","author_link":"https:\/\/chateau-miglos.fr\/wordpress-test\/author\/aacm\/"},"rttpg_comment":0,"rttpg_category":null,"rttpg_excerpt":"La plate-forme o\u00f9 est construit le ch\u00e2teau mesure environ 100 m\u00e8tres de long sur 30 de large.","_links":{"self":[{"href":"https:\/\/chateau-miglos.fr\/wordpress-test\/wp-json\/wp\/v2\/pages\/198"}],"collection":[{"href":"https:\/\/chateau-miglos.fr\/wordpress-test\/wp-json\/wp\/v2\/pages"}],"about":[{"href":"https:\/\/chateau-miglos.fr\/wordpress-test\/wp-json\/wp\/v2\/types\/page"}],"author":[{"embeddable":true,"href":"https:\/\/chateau-miglos.fr\/wordpress-test\/wp-json\/wp\/v2\/users\/2"}],"replies":[{"embeddable":true,"href":"https:\/\/chateau-miglos.fr\/wordpress-test\/wp-json\/wp\/v2\/comments?post=198"}],"version-history":[{"count":41,"href":"https:\/\/chateau-miglos.fr\/wordpress-test\/wp-json\/wp\/v2\/pages\/198\/revisions"}],"predecessor-version":[{"id":7941,"href":"https:\/\/chateau-miglos.fr\/wordpress-test\/wp-json\/wp\/v2\/pages\/198\/revisions\/7941"}],"up":[{"embeddable":true,"href":"https:\/\/chateau-miglos.fr\/wordpress-test\/wp-json\/wp\/v2\/pages\/195"}],"wp:featuredmedia":[{"embeddable":true,"href":"https:\/\/chateau-miglos.fr\/wordpress-test\/wp-json\/wp\/v2\/media\/1597"}],"wp:attachment":[{"href":"https:\/\/chateau-miglos.fr\/wordpress-test\/wp-json\/wp\/v2\/media?parent=198"}],"curies":[{"name":"wp","href":"https:\/\/api.w.org\/{rel}","templated":true}]}}